{"id":3,"date":"2022-03-24T07:34:16","date_gmt":"2022-03-24T07:34:16","guid":{"rendered":"http:\/\/www.originalqu.com\/fannys\/?page_id=3"},"modified":"2023-02-24T11:03:20","modified_gmt":"2023-02-24T11:03:20","slug":"politica-privacidad","status":"publish","type":"page","link":"http:\/\/www.originalqu.com\/fannys\/politica-privacidad\/","title":{"rendered":"Pol\u00edtica de privacidad"},"content":{"rendered":"\n<h2 class=\"wp-block-heading\"><strong>Pol\u00edtica de privacidad de Fanny\u2019s Perfum, SL<\/strong><\/h2>\n\n\n\n<p>&#8211; CIF: B62678313<\/p>\n\n\n\n<p>Esta Pol\u00edtica de privacidad describe c\u00f3mo se recopila, utiliza y comparte su informaci\u00f3n personal cuando visita o hace una compra en <a href=\"http:\/\/www.fannysperfum.com\/\">www.fannysperfum.com<\/a> (denominado en lo sucesivo el \u201cSitio\u201d).<\/p>\n\n\n\n<p><strong>Fanny\u2019s Perfum, SL<\/strong>, se compromete a asegurar que su informaci\u00f3n personal se encuentre protegida y no se utilice de forma indebida. En este documento explicamos qui\u00e9n es el responsable de tratamiento, con qu\u00e9 finalidad se va a tratar su informaci\u00f3n personal, la legitimaci\u00f3n para el tratamiento, a qui\u00e9n podemos comunicar su informaci\u00f3n personal, c\u00f3mo la recabamos, por qu\u00e9 la recabamos, c\u00f3mo la utilizamos, los derechos que le asisten y tambi\u00e9n se explican los procesos que hemos dispuesto para proteger su privacidad. Al facilitarnos su informaci\u00f3n personal y utilizar nuestros sitios web, entendemos que ha le\u00eddo y comprendido los t\u00e9rminos relacionados con la informaci\u00f3n de protecci\u00f3n de datos de car\u00e1cter personal que se exponen. Asumimos la responsabilidad de cumplir con la legislaci\u00f3n vigente en materia de protecci\u00f3n de datos nacional y europea, y tenemos el objetivo de tratar sus datos de manera l\u00edcita, leal y transparente.<\/p>\n\n\n\n<h3 class=\"wp-block-heading\">INFORMACI\u00d3N PERSONAL QUE RECOPILAMOS<\/h3>\n\n\n\n<p>Cuando visita el Sitio, recopilamos autom\u00e1ticamente cierta informaci\u00f3n sobre su dispositivo, incluida informaci\u00f3n sobre su navegador web, direcci\u00f3n IP, zona horaria y algunas de las cookies que est\u00e1n instaladas en su dispositivo. Adem\u00e1s, a medida que navega por el Sitio, recopilamos informaci\u00f3n sobre las p\u00e1ginas web individuales o los productos que ve, las p\u00e1ginas web o los t\u00e9rminos de b\u00fasqueda que lo remitieron al Sitio e informaci\u00f3n sobre c\u00f3mo interact\u00faa usted con el Sitio. Nos referimos a esta informaci\u00f3n recopilada autom\u00e1ticamente como \u201cInformaci\u00f3n del dispositivo\u201d.<\/p>\n\n\n\n<p>Cuando hablamos de \u201cInformaci\u00f3n personal\u201d en la presente Pol\u00edtica de privacidad, nos referimos tanto a la Informaci\u00f3n del dispositivo como a la Informaci\u00f3n del pedido.<\/p>\n\n\n\n<h3 class=\"wp-block-heading\">\u00bfCu\u00e1l es la legitimaci\u00f3n para el tratamiento de la informaci\u00f3n personal?<\/h3>\n\n\n\n<p>Para el tratamiento de su informaci\u00f3n personal nos basamos en la legitimaci\u00f3n por varios motivos: Para el cumplimiento de un contrato y\/o relaci\u00f3n comercial. Por inter\u00e9s leg\u00edtimo, como, por ejemplo, para el env\u00edo de publicidad relacionada con productos o servicios que ya haya contratado, o para gestionar las posibles reclamaciones que pudieran surgir. Con su consentimiento, por ejemplo, para el env\u00edo de ofertas personalizadas.<\/p>\n\n\n\n<h3 class=\"wp-block-heading\">PUBLICIDAD ORIENTADA POR EL COMPORTAMIENTO<\/h3>\n\n\n\n<p>Como se describi\u00f3 anteriormente, utilizamos su Informaci\u00f3n personal para proporcionarle anuncios publicitarios dirigidos o comunicaciones de marketing que creemos que pueden ser de su inter\u00e9s.&nbsp; Para m\u00e1s informaci\u00f3n sobre c\u00f3mo funciona la publicidad dirigida, puede visitar la p\u00e1gina educativa de la Iniciativa Publicitaria en la Red (\u00abNAI\u00bb por sus siglas en ingl\u00e9s) en <a href=\"http:\/\/www.networkadvertising.org\/understanding-online-advertising\/how-does-it-work\">http:\/\/www.networkadvertising.org\/understanding-online-advertising\/how-does-it-work<\/a>.<\/p>\n\n\n\n<p>Puede darse de baja de la publicidad dirigida mediante el siguiente email o contactando con el formulario de contacto:<\/p>\n\n\n\n<ul class=\"wp-block-list\">\n<li><a href=\"mailto:hola@fannysperfum.com\">hola@fannysperfum.com<\/a><\/li>\n<\/ul>\n\n\n\n<p><strong>NO RASTREAR<\/strong><\/p>\n\n\n\n<p>Tenga en cuenta que no alteramos las pr\u00e1cticas de recopilaci\u00f3n y uso de datos de nuestro Sitio cuando vemos una se\u00f1al de No rastrear desde su navegador.<\/p>\n\n\n\n<h3 class=\"wp-block-heading\">SUS DERECHOS<\/h3>\n\n\n\n<p>Si usted es un residente europeo, tiene derecho a acceder a la informaci\u00f3n personal que tenemos sobre usted y a solicitar que su informaci\u00f3n personal sea corregida, actualizada o eliminada. Si desea ejercer este derecho, comun\u00edquese con nosotros a trav\u00e9s de la informaci\u00f3n de contacto que se encuentra a continuaci\u00f3n.<\/p>\n\n\n\n<p>Adem\u00e1s, si usted es un residente europeo, tenemos en cuenta que estamos procesando su informaci\u00f3n para cumplir con los contratos que podamos tener con usted (por ejemplo, si realiza un formulario a trav\u00e9s del Sitio) o para perseguir nuestros intereses comerciales leg\u00edtimos enumerados anteriormente.&nbsp; Adem\u00e1s, tenga en cuenta que su informaci\u00f3n se transferir\u00e1 fuera de Europa, incluidos Canad\u00e1 y los Estados Unidos.<\/p>\n\n\n\n<h3 class=\"wp-block-heading\">RETENCI\u00d3N DE DATOS<\/h3>\n\n\n\n<p>Cuando realiza un formulario a trav\u00e9s del Sitio, mantendremos su Informaci\u00f3n del formulario para nuestros registros a menos que y hasta que nos pida que eliminemos esta informaci\u00f3n.<\/p>\n\n\n\n<p><strong>CAMBIOS<\/strong><\/p>\n\n\n\n<p>Podemos actualizar esta pol\u00edtica de privacidad peri\u00f3dicamente para reflejar, por ejemplo, cambios en nuestras pr\u00e1cticas o por otros motivos operativos, legales o reglamentarios.<\/p>\n\n\n\n<h4 class=\"wp-block-heading\">CONT\u00c1CTENOS<\/h4>\n\n\n\n<p>Para obtener m\u00e1s informaci\u00f3n sobre nuestras pr\u00e1cticas de privacidad, si tiene alguna pregunta o si desea presentar una queja, <a href=\"http:\/\/www.originalqu.com\/fannys\/contacto-fannysperfum\/\">cont\u00e1ctenos<\/a> por correo electr\u00f3nico a <a href=\"mailto:hola@fannysperfum.com\">hola@fannysperfum.com<\/a><\/p>\n\n\n\n<p>C\/Anselmo clav\u00e9 s\/n pol\u00edgono matac\u00e1s nave 24 08980 Sant Feliu de Llobregat<\/p>\n\n\n\n<p>TLF: 93 685 59 36<\/p>\n\n\n\n<p>TLF: 647 959 306<\/p>\n","protected":false},"excerpt":{"rendered":"<p>Pol\u00edtica de privacidad de Fanny\u2019s Perfum, SL &#8211; CIF: B62678313 Esta Pol\u00edtica de privacidad describe c\u00f3mo se recopila, utiliza y comparte su informaci\u00f3n personal cuando visita o hace una compra [&hellip;]<\/p>\n","protected":false},"author":1,"featured_media":0,"parent":0,"menu_order":0,"comment_status":"closed","ping_status":"open","template":"","meta":{"footnotes":""},"class_list":["post-3","page","type-page","status-publish","hentry"],"yoast_head":"<!-- This site is optimized with the Yoast SEO plugin v19.1 - https:\/\/yoast.com\/wordpress\/plugins\/seo\/ -->\n<title>Pol\u00edtica de privacidad - Tiendas de Perfumer\u00eda, Cosm\u00e9tica y Maquillaje<\/title>\n<meta name=\"description\" content=\"Pol\u00edtica de privacidad de Fanny\u2019s Perfum, SL. En Fanny&#039;s Perfum ofrecemos las mejores marcas de perfumer\u00eda y cosm\u00e9tica. \u00a1Ven a vernos!\" \/>\n<meta name=\"robots\" content=\"index, follow, max-snippet:-1, max-image-preview:large, max-video-preview:-1\" \/>\n<link rel=\"canonical\" href=\"http:\/\/www.originalqu.com\/fannys\/politica-privacidad\/\" \/>\n<meta property=\"og:locale\" content=\"es_ES\" \/>\n<meta property=\"og:type\" content=\"article\" \/>\n<meta property=\"og:title\" content=\"Pol\u00edtica de privacidad - Tiendas de Perfumer\u00eda, Cosm\u00e9tica y Maquillaje\" \/>\n<meta property=\"og:description\" content=\"Pol\u00edtica de privacidad de Fanny\u2019s Perfum, SL. En Fanny&#039;s Perfum ofrecemos las mejores marcas de perfumer\u00eda y cosm\u00e9tica. \u00a1Ven a vernos!\" \/>\n<meta property=\"og:url\" content=\"http:\/\/www.originalqu.com\/fannys\/politica-privacidad\/\" \/>\n<meta property=\"og:site_name\" content=\"Tiendas de Perfumer\u00eda, Cosm\u00e9tica y Maquillaje\" \/>\n<meta property=\"article:modified_time\" content=\"2023-02-24T11:03:20+00:00\" \/>\n<meta name=\"twitter:card\" content=\"summary_large_image\" \/>\n<meta name=\"twitter:label1\" content=\"Tiempo de lectura\" \/>\n\t<meta name=\"twitter:data1\" content=\"4 minutos\" \/>\n<script type=\"application\/ld+json\" class=\"yoast-schema-graph\">{\"@context\":\"https:\/\/schema.org\",\"@graph\":[{\"@type\":\"WebSite\",\"@id\":\"http:\/\/www.originalqu.com\/fannys\/#website\",\"url\":\"http:\/\/www.originalqu.com\/fannys\/\",\"name\":\"Tiendas de Perfumer\u00eda, Cosm\u00e9tica y Maquillaje\",\"description\":\"\u00a1Visita nuestra tienda!\",\"potentialAction\":[{\"@type\":\"SearchAction\",\"target\":{\"@type\":\"EntryPoint\",\"urlTemplate\":\"http:\/\/www.originalqu.com\/fannys\/?s={search_term_string}\"},\"query-input\":\"required name=search_term_string\"}],\"inLanguage\":\"es\"},{\"@type\":\"WebPage\",\"@id\":\"http:\/\/www.originalqu.com\/fannys\/politica-privacidad\/#webpage\",\"url\":\"http:\/\/www.originalqu.com\/fannys\/politica-privacidad\/\",\"name\":\"Pol\u00edtica de privacidad - Tiendas de Perfumer\u00eda, Cosm\u00e9tica y Maquillaje\",\"isPartOf\":{\"@id\":\"http:\/\/www.originalqu.com\/fannys\/#website\"},\"datePublished\":\"2022-03-24T07:34:16+00:00\",\"dateModified\":\"2023-02-24T11:03:20+00:00\",\"description\":\"Pol\u00edtica de privacidad de Fanny\u2019s Perfum, SL. En Fanny's Perfum ofrecemos las mejores marcas de perfumer\u00eda y cosm\u00e9tica. \u00a1Ven a vernos!\",\"breadcrumb\":{\"@id\":\"http:\/\/www.originalqu.com\/fannys\/politica-privacidad\/#breadcrumb\"},\"inLanguage\":\"es\",\"potentialAction\":[{\"@type\":\"ReadAction\",\"target\":[\"http:\/\/www.originalqu.com\/fannys\/politica-privacidad\/\"]}]},{\"@type\":\"BreadcrumbList\",\"@id\":\"http:\/\/www.originalqu.com\/fannys\/politica-privacidad\/#breadcrumb\",\"itemListElement\":[{\"@type\":\"ListItem\",\"position\":1,\"name\":\"Portada\",\"item\":\"http:\/\/www.originalqu.com\/fannys\/\"},{\"@type\":\"ListItem\",\"position\":2,\"name\":\"Pol\u00edtica de privacidad\"}]}]}<\/script>\n<!-- \/ Yoast SEO plugin. -->","yoast_head_json":{"title":"Pol\u00edtica de privacidad - Tiendas de Perfumer\u00eda, Cosm\u00e9tica y Maquillaje","description":"Pol\u00edtica de privacidad de Fanny\u2019s Perfum, SL. En Fanny's Perfum ofrecemos las mejores marcas de perfumer\u00eda y cosm\u00e9tica. \u00a1Ven a vernos!","robots":{"index":"index","follow":"follow","max-snippet":"max-snippet:-1","max-image-preview":"max-image-preview:large","max-video-preview":"max-video-preview:-1"},"canonical":"http:\/\/www.originalqu.com\/fannys\/politica-privacidad\/","og_locale":"es_ES","og_type":"article","og_title":"Pol\u00edtica de privacidad - Tiendas de Perfumer\u00eda, Cosm\u00e9tica y Maquillaje","og_description":"Pol\u00edtica de privacidad de Fanny\u2019s Perfum, SL. En Fanny's Perfum ofrecemos las mejores marcas de perfumer\u00eda y cosm\u00e9tica. \u00a1Ven a vernos!","og_url":"http:\/\/www.originalqu.com\/fannys\/politica-privacidad\/","og_site_name":"Tiendas de Perfumer\u00eda, Cosm\u00e9tica y Maquillaje","article_modified_time":"2023-02-24T11:03:20+00:00","twitter_card":"summary_large_image","twitter_misc":{"Tiempo de lectura":"4 minutos"},"schema":{"@context":"https:\/\/schema.org","@graph":[{"@type":"WebSite","@id":"http:\/\/www.originalqu.com\/fannys\/#website","url":"http:\/\/www.originalqu.com\/fannys\/","name":"Tiendas de Perfumer\u00eda, Cosm\u00e9tica y Maquillaje","description":"\u00a1Visita nuestra tienda!","potentialAction":[{"@type":"SearchAction","target":{"@type":"EntryPoint","urlTemplate":"http:\/\/www.originalqu.com\/fannys\/?s={search_term_string}"},"query-input":"required name=search_term_string"}],"inLanguage":"es"},{"@type":"WebPage","@id":"http:\/\/www.originalqu.com\/fannys\/politica-privacidad\/#webpage","url":"http:\/\/www.originalqu.com\/fannys\/politica-privacidad\/","name":"Pol\u00edtica de privacidad - Tiendas de Perfumer\u00eda, Cosm\u00e9tica y Maquillaje","isPartOf":{"@id":"http:\/\/www.originalqu.com\/fannys\/#website"},"datePublished":"2022-03-24T07:34:16+00:00","dateModified":"2023-02-24T11:03:20+00:00","description":"Pol\u00edtica de privacidad de Fanny\u2019s Perfum, SL. En Fanny's Perfum ofrecemos las mejores marcas de perfumer\u00eda y cosm\u00e9tica. \u00a1Ven a vernos!","breadcrumb":{"@id":"http:\/\/www.originalqu.com\/fannys\/politica-privacidad\/#breadcrumb"},"inLanguage":"es","potentialAction":[{"@type":"ReadAction","target":["http:\/\/www.originalqu.com\/fannys\/politica-privacidad\/"]}]},{"@type":"BreadcrumbList","@id":"http:\/\/www.originalqu.com\/fannys\/politica-privacidad\/#breadcrumb","itemListElement":[{"@type":"ListItem","position":1,"name":"Portada","item":"http:\/\/www.originalqu.com\/fannys\/"},{"@type":"ListItem","position":2,"name":"Pol\u00edtica de privacidad"}]}]}},"_links":{"self":[{"href":"http:\/\/www.originalqu.com\/fannys\/wp-json\/wp\/v2\/pages\/3","targetHints":{"allow":["GET"]}}],"collection":[{"href":"http:\/\/www.originalqu.com\/fannys\/wp-json\/wp\/v2\/pages"}],"about":[{"href":"http:\/\/www.originalqu.com\/fannys\/wp-json\/wp\/v2\/types\/page"}],"author":[{"embeddable":true,"href":"http:\/\/www.originalqu.com\/fannys\/wp-json\/wp\/v2\/users\/1"}],"replies":[{"embeddable":true,"href":"http:\/\/www.originalqu.com\/fannys\/wp-json\/wp\/v2\/comments?post=3"}],"version-history":[{"count":2,"href":"http:\/\/www.originalqu.com\/fannys\/wp-json\/wp\/v2\/pages\/3\/revisions"}],"predecessor-version":[{"id":109,"href":"http:\/\/www.originalqu.com\/fannys\/wp-json\/wp\/v2\/pages\/3\/revisions\/109"}],"wp:attachment":[{"href":"http:\/\/www.originalqu.com\/fannys\/wp-json\/wp\/v2\/media?parent=3"}],"curies":[{"name":"wp","href":"https:\/\/api.w.org\/{rel}","templated":true}]}}